{"id":23,"date":"2018-03-17T21:30:19","date_gmt":"2018-03-17T21:30:19","guid":{"rendered":"http:\/\/sound-of-praunheim.de\/?page_id=23"},"modified":"2023-08-17T07:20:45","modified_gmt":"2023-08-17T07:20:45","slug":"kinderchor","status":"publish","type":"page","link":"https:\/\/sound-of-praunheim.de\/?page_id=23","title":{"rendered":"Der Kinderchor"},"content":{"rendered":"<p>&nbsp;<\/p>\n<p>Der Kinderchor Praunheim wurde im Januar 2010 als Nachwuchsprojekt des M\u00e4nnerchor Praunheim gegr\u00fcndet und erfreut sich seitdem gro\u00dfer Beliebtheit.<\/p>\n<p>Unser Ziel ist es, das Freizeitangebot in Praunheim und im Frankfurter Norden f\u00fcr Kinder zu erweitern. Dieses Angebot wird von derzeit ca. 60 begeisterten Kindern in 3 Gruppen wahrgenommen.<\/p>\n<p>&nbsp;<\/p>\n<p><a href=\"https:\/\/sound-of-praunheim.de\/wp-content\/uploads\/2019\/03\/IMG_9419.jpg\"><img loading=\"lazy\" decoding=\"async\" class=\"size-medium wp-image-249 aligncenter\" src=\"https:\/\/sound-of-praunheim.de\/wp-content\/uploads\/2019\/03\/IMG_9419-300x200.jpg\" alt=\"\" width=\"300\" height=\"200\" srcset=\"https:\/\/sound-of-praunheim.de\/wp-content\/uploads\/2019\/03\/IMG_9419-300x200.jpg 300w, https:\/\/sound-of-praunheim.de\/wp-content\/uploads\/2019\/03\/IMG_9419-768x512.jpg 768w, https:\/\/sound-of-praunheim.de\/wp-content\/uploads\/2019\/03\/IMG_9419-1024x683.jpg 1024w\" sizes=\"auto, (max-width: 300px) 100vw, 300px\" \/><\/a><\/p>\n<p>&nbsp;<\/p>\n<p>In einer von Einzelkindern gepr\u00e4gten Zeit bietet der Kinderchor dabei eine gute Gelegenheit mit Gleichaltrigen in Kontakt zu kommen. Neue Freundschaften entstehen und bestehende Freundschaften k\u00f6nnen ausgebaut werden \u2013 gelebte Nachbarschaft also.<\/p>\n<p>Dabei werden die gesanglichen F\u00e4higkeiten der Gruppen dem jeweiligen Alter entsprechend gef\u00f6rdert. Im Fordergrund steht aber neben der musikalischen Fr\u00fcherziehung vor allem der Spa\u00df am gemeinsamen Singen.<\/p>\n<p>Wenn Du Lust es selbst mal auszuprobieren, dann komm doch einfach mal bei uns vorbei. <a href=\"https:\/\/sound-of-praunheim.de\/?page_id=24\">(Probentermine)<\/a><\/p>\n<p>Dann wirst Du unsere Chorleiterin <a href=\"http:\/\/www.sing-mit-heike.de\">Heike Kuhn<\/a> kennenlernen, die mit viel Freude und Empathie auf die W\u00fcnsche der Kinder eingeht.<\/p>\n<p>Musikalisch bereitet der Kinderchor verschiedenste altersgem\u00e4\u00dfe Auftritte vor, so z.B. f\u00fcr unsere eigenes Sommerfest oder aber auch in Form von Kindermusicals.<\/p>\n<p>Wir freuen uns auf Dich !<\/p>\n<p>&nbsp;<\/p>\n<h2>&#8212;&#8212;&#8212;&#8212;&#8212;&#8212;&#8212;&#8212;&#8212;&#8212;&#8212;-<\/h2>\n<h4>24.09.2022 Singbus-Festival Bad Vilbel<\/h4>\n<p>Am Samstag, den 24. September, veranstaltete die Hessische Chorjugend ein gro\u00dfes Kinder-Chorfestival am Tollhaus Bad Vilbel. Auf einer mobilen B\u00fchne kam unser Kinderchor mit seinem aktuellen Repertoire voll zur Geltung.<\/p>\n<p><a href=\"https:\/\/sound-of-praunheim.de\/wp-content\/uploads\/2022\/11\/20220924_140841-scaled.jpg\"><img loading=\"lazy\" decoding=\"async\" class=\"alignnone size-medium wp-image-606\" src=\"https:\/\/sound-of-praunheim.de\/wp-content\/uploads\/2022\/11\/20220924_140841-225x300.jpg\" alt=\"\" width=\"225\" height=\"300\" srcset=\"https:\/\/sound-of-praunheim.de\/wp-content\/uploads\/2022\/11\/20220924_140841-225x300.jpg 225w, https:\/\/sound-of-praunheim.de\/wp-content\/uploads\/2022\/11\/20220924_140841-768x1024.jpg 768w, https:\/\/sound-of-praunheim.de\/wp-content\/uploads\/2022\/11\/20220924_140841-1152x1536.jpg 1152w, https:\/\/sound-of-praunheim.de\/wp-content\/uploads\/2022\/11\/20220924_140841-1536x2048.jpg 1536w, https:\/\/sound-of-praunheim.de\/wp-content\/uploads\/2022\/11\/20220924_140841-scaled.jpg 1920w\" sizes=\"auto, (max-width: 225px) 100vw, 225px\" \/>&nbsp; <\/a><a href=\"https:\/\/sound-of-praunheim.de\/wp-content\/uploads\/2022\/11\/20220924_144822-scaled.jpg\"><img loading=\"lazy\" decoding=\"async\" class=\"alignnone size-medium wp-image-608\" src=\"https:\/\/sound-of-praunheim.de\/wp-content\/uploads\/2022\/11\/20220924_144822-300x225.jpg\" alt=\"\" width=\"300\" height=\"225\" srcset=\"https:\/\/sound-of-praunheim.de\/wp-content\/uploads\/2022\/11\/20220924_144822-300x225.jpg 300w, https:\/\/sound-of-praunheim.de\/wp-content\/uploads\/2022\/11\/20220924_144822-1024x768.jpg 1024w, https:\/\/sound-of-praunheim.de\/wp-content\/uploads\/2022\/11\/20220924_144822-768x576.jpg 768w, https:\/\/sound-of-praunheim.de\/wp-content\/uploads\/2022\/11\/20220924_144822-1536x1152.jpg 1536w, https:\/\/sound-of-praunheim.de\/wp-content\/uploads\/2022\/11\/20220924_144822-2048x1536.jpg 2048w\" sizes=\"auto, (max-width: 300px) 100vw, 300px\" \/><\/a><a href=\"https:\/\/sound-of-praunheim.de\/wp-content\/uploads\/2022\/11\/20220924_140841-scaled.jpg\">&nbsp; <\/a><a href=\"https:\/\/sound-of-praunheim.de\/wp-content\/uploads\/2022\/11\/20220924_145554-scaled.jpg\"><img loading=\"lazy\" decoding=\"async\" class=\"alignnone size-medium wp-image-610\" src=\"https:\/\/sound-of-praunheim.de\/wp-content\/uploads\/2022\/11\/20220924_145554-300x225.jpg\" alt=\"\" width=\"300\" height=\"225\" srcset=\"https:\/\/sound-of-praunheim.de\/wp-content\/uploads\/2022\/11\/20220924_145554-300x225.jpg 300w, https:\/\/sound-of-praunheim.de\/wp-content\/uploads\/2022\/11\/20220924_145554-1024x768.jpg 1024w, https:\/\/sound-of-praunheim.de\/wp-content\/uploads\/2022\/11\/20220924_145554-768x576.jpg 768w, https:\/\/sound-of-praunheim.de\/wp-content\/uploads\/2022\/11\/20220924_145554-1536x1152.jpg 1536w, https:\/\/sound-of-praunheim.de\/wp-content\/uploads\/2022\/11\/20220924_145554-2048x1536.jpg 2048w\" sizes=\"auto, (max-width: 300px) 100vw, 300px\" \/><\/a><\/p>\n<p>&nbsp;<\/p>\n<p>Unsere Chorleiterin Heike Kuhn war nerv\u00f6s, aber begeistert bei der Sache. War es doch der erste &#8222;echte&#8220; Auftritt nach 3 Jahren CORONA-Pause.<\/p>\n<p><a href=\"https:\/\/sound-of-praunheim.de\/wp-content\/uploads\/2022\/11\/20220924_144630-scaled.jpg\"><img loading=\"lazy\" decoding=\"async\" class=\"alignnone size-medium wp-image-607\" src=\"https:\/\/sound-of-praunheim.de\/wp-content\/uploads\/2022\/11\/20220924_144630-225x300.jpg\" alt=\"\" width=\"225\" height=\"300\" srcset=\"https:\/\/sound-of-praunheim.de\/wp-content\/uploads\/2022\/11\/20220924_144630-225x300.jpg 225w, https:\/\/sound-of-praunheim.de\/wp-content\/uploads\/2022\/11\/20220924_144630-768x1024.jpg 768w, https:\/\/sound-of-praunheim.de\/wp-content\/uploads\/2022\/11\/20220924_144630-1152x1536.jpg 1152w, https:\/\/sound-of-praunheim.de\/wp-content\/uploads\/2022\/11\/20220924_144630-1536x2048.jpg 1536w, https:\/\/sound-of-praunheim.de\/wp-content\/uploads\/2022\/11\/20220924_144630-scaled.jpg 1920w\" sizes=\"auto, (max-width: 225px) 100vw, 225px\" \/>&nbsp; <\/a><a href=\"https:\/\/sound-of-praunheim.de\/wp-content\/uploads\/2022\/11\/20220924_145118-scaled.jpg\"><img loading=\"lazy\" decoding=\"async\" class=\"alignnone size-medium wp-image-609\" src=\"https:\/\/sound-of-praunheim.de\/wp-content\/uploads\/2022\/11\/20220924_145118-225x300.jpg\" alt=\"\" width=\"225\" height=\"300\" srcset=\"https:\/\/sound-of-praunheim.de\/wp-content\/uploads\/2022\/11\/20220924_145118-225x300.jpg 225w, https:\/\/sound-of-praunheim.de\/wp-content\/uploads\/2022\/11\/20220924_145118-768x1024.jpg 768w, https:\/\/sound-of-praunheim.de\/wp-content\/uploads\/2022\/11\/20220924_145118-1152x1536.jpg 1152w, https:\/\/sound-of-praunheim.de\/wp-content\/uploads\/2022\/11\/20220924_145118-1536x2048.jpg 1536w, https:\/\/sound-of-praunheim.de\/wp-content\/uploads\/2022\/11\/20220924_145118-scaled.jpg 1920w\" sizes=\"auto, (max-width: 225px) 100vw, 225px\" \/><\/a><\/p>\n<p>&nbsp;<\/p>\n<p>Und zur Belohnung bekamen die aus ganz Hessen teilnehmenden Kinderch\u00f6re die Gelegenheit, mit dem Konzert des Accapella-Quartetts &#8222;Maybebop&#8220; live mitzuerleben, wohin mit viel Flei\u00df, Talent und vor allem Lust und Spa\u00df die musikalische Reise als Chors\u00e4ngerIn gehen kann.&nbsp;<\/p>\n<p><a href=\"https:\/\/sound-of-praunheim.de\/wp-content\/uploads\/2022\/11\/20220924_160834-scaled.jpg\"><img loading=\"lazy\" decoding=\"async\" class=\"alignnone size-medium wp-image-611\" src=\"https:\/\/sound-of-praunheim.de\/wp-content\/uploads\/2022\/11\/20220924_160834-300x225.jpg\" alt=\"\" width=\"300\" height=\"225\" srcset=\"https:\/\/sound-of-praunheim.de\/wp-content\/uploads\/2022\/11\/20220924_160834-300x225.jpg 300w, https:\/\/sound-of-praunheim.de\/wp-content\/uploads\/2022\/11\/20220924_160834-1024x768.jpg 1024w, https:\/\/sound-of-praunheim.de\/wp-content\/uploads\/2022\/11\/20220924_160834-768x576.jpg 768w, https:\/\/sound-of-praunheim.de\/wp-content\/uploads\/2022\/11\/20220924_160834-1536x1152.jpg 1536w, https:\/\/sound-of-praunheim.de\/wp-content\/uploads\/2022\/11\/20220924_160834-2048x1536.jpg 2048w\" sizes=\"auto, (max-width: 300px) 100vw, 300px\" \/><\/a><\/p>\n<p>&nbsp;<\/p>\n<h2>&#8212;&#8212;&#8212;&#8212;&#8212;&#8212;&#8212;&#8212;&#8212;&#8212;&#8212;-<\/h2>\n<h4>10.03.2021&nbsp; Kinderchor im CORONA-Feeling<\/h4>\n<p>Hier geht es zum <strong><a href=\"https:\/\/sound-of-praunheim.de\/?page_id=435\">Video<\/a>.<\/strong><\/p>\n<p><a href=\"https:\/\/sound-of-praunheim.de\/wp-content\/uploads\/2021\/03\/KC-Video.jpg\"><img loading=\"lazy\" decoding=\"async\" class=\"alignnone size-medium wp-image-432\" src=\"https:\/\/sound-of-praunheim.de\/wp-content\/uploads\/2021\/03\/KC-Video-300x169.jpg\" alt=\"\" width=\"300\" height=\"169\" srcset=\"https:\/\/sound-of-praunheim.de\/wp-content\/uploads\/2021\/03\/KC-Video-300x169.jpg 300w, https:\/\/sound-of-praunheim.de\/wp-content\/uploads\/2021\/03\/KC-Video-768x433.jpg 768w, https:\/\/sound-of-praunheim.de\/wp-content\/uploads\/2021\/03\/KC-Video.jpg 789w\" sizes=\"auto, (max-width: 300px) 100vw, 300px\" \/><\/a><\/p>\n<h2>&#8212;&#8212;&#8212;&#8212;&#8212;&#8212;&#8212;&#8212;&#8212;&#8212;&#8212;-<\/h2>\n\n\n<p><\/p>\n","protected":false},"excerpt":{"rendered":"<p>&nbsp; Der Kinderchor Praunheim wurde im Januar 2010 als Nachwuchsprojekt des M\u00e4nnerchor Praunheim gegr\u00fcndet und erfreut sich seitdem gro\u00dfer Beliebtheit. Unser Ziel ist es, das Freizeitangebot in Praunheim und im Frankfurter Norden f\u00fcr Kinder zu erweitern. Dieses Angebot wird von derzeit ca. 60 begeisterten Kindern in 3 Gruppen wahrgenommen. &nbsp; &nbsp; In einer von Einzelkindern [&hellip;]<\/p>\n","protected":false},"author":1,"featured_media":0,"parent":63,"menu_order":0,"comment_status":"closed","ping_status":"closed","template":"","meta":{"ngg_post_thumbnail":0,"footnotes":""},"class_list":["post-23","page","type-page","status-publish","hentry"],"_links":{"self":[{"href":"https:\/\/sound-of-praunheim.de\/index.php?rest_route=\/wp\/v2\/pages\/23","targetHints":{"allow":["GET"]}}],"collection":[{"href":"https:\/\/sound-of-praunheim.de\/index.php?rest_route=\/wp\/v2\/pages"}],"about":[{"href":"https:\/\/sound-of-praunheim.de\/index.php?rest_route=\/wp\/v2\/types\/page"}],"author":[{"embeddable":true,"href":"https:\/\/sound-of-praunheim.de\/index.php?rest_route=\/wp\/v2\/users\/1"}],"replies":[{"embeddable":true,"href":"https:\/\/sound-of-praunheim.de\/index.php?rest_route=%2Fwp%2Fv2%2Fcomments&post=23"}],"version-history":[{"count":31,"href":"https:\/\/sound-of-praunheim.de\/index.php?rest_route=\/wp\/v2\/pages\/23\/revisions"}],"predecessor-version":[{"id":756,"href":"https:\/\/sound-of-praunheim.de\/index.php?rest_route=\/wp\/v2\/pages\/23\/revisions\/756"}],"up":[{"embeddable":true,"href":"https:\/\/sound-of-praunheim.de\/index.php?rest_route=\/wp\/v2\/pages\/63"}],"wp:attachment":[{"href":"https:\/\/sound-of-praunheim.de\/index.php?rest_route=%2Fwp%2Fv2%2Fmedia&parent=23"}],"curies":[{"name":"wp","href":"https:\/\/api.w.org\/{rel}","templated":true}]}}