{"id":22,"date":"2018-03-17T21:30:19","date_gmt":"2018-03-17T21:30:19","guid":{"rendered":"http:\/\/sound-of-praunheim.de\/?page_id=22"},"modified":"2026-01-02T13:09:35","modified_gmt":"2026-01-02T13:09:35","slug":"frauenchor","status":"publish","type":"page","link":"https:\/\/sound-of-praunheim.de\/?page_id=22","title":{"rendered":"SingJorinas"},"content":{"rendered":"\n<p class=\"has-medium-font-size\"><strong>Herzlich willkommen!<\/strong><\/p>\n\n\n\n<figure class=\"wp-block-image size-large\"><a href=\"https:\/\/sound-of-praunheim.de\/wp-content\/uploads\/2025\/08\/SingJorinas-1.jpg\"><img loading=\"lazy\" decoding=\"async\" width=\"1024\" height=\"576\" src=\"https:\/\/sound-of-praunheim.de\/wp-content\/uploads\/2025\/08\/SingJorinas-1-1024x576.jpg\" alt=\"\" class=\"wp-image-865\" srcset=\"https:\/\/sound-of-praunheim.de\/wp-content\/uploads\/2025\/08\/SingJorinas-1-1024x576.jpg 1024w, https:\/\/sound-of-praunheim.de\/wp-content\/uploads\/2025\/08\/SingJorinas-1-300x169.jpg 300w, https:\/\/sound-of-praunheim.de\/wp-content\/uploads\/2025\/08\/SingJorinas-1-768x432.jpg 768w, https:\/\/sound-of-praunheim.de\/wp-content\/uploads\/2025\/08\/SingJorinas-1-1536x864.jpg 1536w, https:\/\/sound-of-praunheim.de\/wp-content\/uploads\/2025\/08\/SingJorinas-1.jpg 2000w\" sizes=\"auto, (max-width: 1024px) 100vw, 1024px\" \/><\/a><\/figure>\n\n\n<h6 style=\"text-align: right;\">Foto: Dietrich vom Berge<\/h6>\n\n\n<p class=\"has-medium-font-size\">Unsere Chorleiterin <a href=\"http:\/\/www.violaengelbrecht.com\/\">Viola Engelbrecht <\/a>arrangiert und probt mit uns ein breitgef\u00e4chertes Repertoire. Wir singen Lieder aus der <strong>Pop- und Rockmusik<\/strong> bis hin zu <strong>Balladen <\/strong>und zeitlosen <strong>Evergreens <\/strong>in deutscher, englischer und franz\u00f6sischer Sprache.In den w\u00f6chentlichen Proben verbessert Viola Engelbrecht mit abwechslungsreichen \u00dcbungen unsere Sing- und H\u00f6rf\u00e4higkeit, wir danken es ihr mit gro\u00dfer Begeisterung und viel Spa\u00df.<\/p>\n\n\n\n<p><\/p>\n\n\n\n<p class=\"has-medium-font-size\"><\/p>\n\n\n<hr \/>\n<hr \/>\n<p><strong><em>aktuelle Termine<\/em><\/strong><\/p>\n<\/p>\n\n\n<p><\/p>\n\n\n\n\n\n\n\n<p><\/p>\n\n\n\n<p><\/p>\n\n\n\n<p><\/p>\n\n\n\n<p><\/p>\n\n\n\n<p><\/p>\n\n\n\n<p>________________________________________________________________________________________________________________<\/p>\n\n\n\n<p><\/p>\n\n\n\n<h2 class=\"wp-block-heading\">Archiv<\/h2>\n\n\n\n<p>Hier findest Du eine kleine Auswahl der bisherigen Programme, Auftritte und Projekte<\/p>\n\n\n\n<p><\/p>\n\n\n<div class=\"wp-block-image\">\n<figure class=\"aligncenter is-resized\"><img loading=\"lazy\" decoding=\"async\" width=\"467\" height=\"646\" src=\"https:\/\/sound-of-praunheim.de\/wp-content\/uploads\/2025\/08\/Bubikopf.jpg\" alt=\"\" class=\"wp-image-913\" style=\"width:330px;height:auto\" srcset=\"https:\/\/sound-of-praunheim.de\/wp-content\/uploads\/2025\/08\/Bubikopf.jpg 467w, https:\/\/sound-of-praunheim.de\/wp-content\/uploads\/2025\/08\/Bubikopf-217x300.jpg 217w\" sizes=\"auto, (max-width: 467px) 100vw, 467px\" \/><\/figure><\/div>\n\n\n<p><\/p>\n\n\n\n<p>31. August 2025, 15.30 Uhr: Promenadenkonzert im Palmengarten (<a href=\"https:\/\/www.palmengarten.de\/de\/\">www.palmengarten.de<\/a>)<\/p>\n\n\n\n<p><\/p>\n\n\n\n<p><\/p>\n\n\n<div class=\"wp-block-image\">\n<figure class=\"aligncenter size-medium is-resized\"><img loading=\"lazy\" decoding=\"async\" width=\"212\" height=\"300\" src=\"https:\/\/sound-of-praunheim.de\/wp-content\/uploads\/2022\/06\/SingJorinas-Juli22-212x300.jpg\" alt=\"\" class=\"wp-image-554\" style=\"width:326px;height:auto\" srcset=\"https:\/\/sound-of-praunheim.de\/wp-content\/uploads\/2022\/06\/SingJorinas-Juli22-212x300.jpg 212w, https:\/\/sound-of-praunheim.de\/wp-content\/uploads\/2022\/06\/SingJorinas-Juli22-724x1024.jpg 724w, https:\/\/sound-of-praunheim.de\/wp-content\/uploads\/2022\/06\/SingJorinas-Juli22-768x1085.jpg 768w, https:\/\/sound-of-praunheim.de\/wp-content\/uploads\/2022\/06\/SingJorinas-Juli22.jpg 1074w\" sizes=\"auto, (max-width: 212px) 100vw, 212px\" \/><\/figure><\/div>\n\n\n<p><a href=\"https:\/\/sound-of-praunheim.de\/wp-content\/uploads\/2022\/06\/SingJorinas-Juli22.jpg\">Ein Chor Konzert f\u00fcr h\u00f6rende Augen und sehende Ohren&#8230;.. Poetisch-explosiv und waghalsig-romantisch: ein Chorprogramm f\u00fcr staunende Ohren und neugierige Augen. (Viola Engelbrecht)<\/a><\/p>\n\n\n\n<p><strong>&#8212;&#8212;&#8212;&#8212;&#8212;&#8212;&#8212;&#8212;&#8212;&#8212;&#8212;&#8212;&#8212;&#8212;&#8212;&#8212;&#8212;&#8212;&#8211;<\/strong><\/p>\n\n\n\n<p>Wir wagen es &#8230; &#8222;Im Stillen laut&#8220;<\/p>\n\n\n<div class=\"wp-block-image\">\n<figure class=\"aligncenter size-medium is-resized\"><a href=\"https:\/\/sound-of-praunheim.de\/wp-content\/uploads\/2022\/04\/Poster-Film_mai-22.jpg\"><img loading=\"lazy\" decoding=\"async\" width=\"225\" height=\"300\" src=\"https:\/\/sound-of-praunheim.de\/wp-content\/uploads\/2022\/04\/Poster-Film_mai-22-225x300.jpg\" alt=\"\" class=\"wp-image-533\" style=\"width:305px;height:auto\" srcset=\"https:\/\/sound-of-praunheim.de\/wp-content\/uploads\/2022\/04\/Poster-Film_mai-22-225x300.jpg 225w, https:\/\/sound-of-praunheim.de\/wp-content\/uploads\/2022\/04\/Poster-Film_mai-22.jpg 480w\" sizes=\"auto, (max-width: 225px) 100vw, 225px\" \/><\/a><\/figure><\/div>\n\n\n<p>&#8230; am 14.05.21 um 18 Uhr vor der Zehntscheune in Praunheim. Endlich wieder ein Auftritt; ein kleiner, ganz besonderer, unter freiem Himmel.<\/p>\n\n\n\n<p>Der Frauenchor Praunheim, unter der Leitung von Viola Engelbrecht, wagt es, ohne waghalsig zu werden. Unsere Lieder erz\u00e4hlen von Stille und Party, Sonne, Mond und den Sternen, von Liebe und von Hass, dem kompletten Leben eben.<\/p>\n\n\n\n<p>Lasst euch verzaubern von den gesungenen Geschichten und Melodien, die gerade in dieser Zeit so gut tun. Es gibt Getr\u00e4nke und Snacks und im Anschluss einen sch\u00f6nen Kinoabend in der Zehntscheune.<\/p>\n\n\n\n<p><strong><a href=\"https:\/\/www.youtube.com\/watch?v=AZ45RU_RFWM\">&#8222;Im Stillen laut&#8220;<\/a><\/strong>&nbsp;(Trailer)<\/p>\n\n\n\n<p>Der Film zeigt \u00dcberlebensstrategien, die trotz der Umst\u00e4nde Kunst m\u00f6glich machen und l\u00e4sst nach einem R\u00fcckblick auf \u00fcberwiegend DDR Geschichte und die Geschichte eines lesbischen K\u00fcnstlerpaares auch in eine bessere Zukunft blicken.<\/p>\n\n\n\n<p>In Kooperation mit <strong><a href=\"https:\/\/www.kunstwerkpraunheim.de\">Kunstwerk e.V.<\/a><\/strong> und als Teil der <strong><a href=\"https:\/\/www.remake-festival.de\">&#8222;REMAKE. Frankfurter Frauen Film Tage&#8220;<\/a><\/strong> der Kinothek Asta Nielson e.V. wird dieser Abend rein aus Spenden finanziert und wir freuen uns sehr auf diesen Neustart und nat\u00fcrlich auf Euch !!<\/p>\n\n\n\n<p><strong>&#8212;&#8212;&#8212;&#8212;&#8212;&#8212;&#8212;&#8212;&#8212;&#8212;&#8212;&#8212;&#8212;&#8212;&#8212;&#8212;&#8212;&#8212;&#8211;<\/strong><\/p>\n\n\n\n<p><a href=\"https:\/\/www.youtube.com\/watch?v=flFw5_OS4TI\">Das Ergebnis des Chorprojekt BR\u00dcCKENGES\u00c4NGE!<\/a><\/p>\n\n\n\n<p><a href=\"https:\/\/www.youtube.com\/watch?v=flFw5_OS4TI\">Hier klicken: <strong>Es f\u00fchrt \u00fcber den Main&#8230;.<\/strong><\/a><\/p>\n\n\n\n<p><strong>&#8212;&#8212;&#8212;&#8212;&#8212;&#8212;&#8212;&#8212;&#8212;&#8212;&#8212;&#8212;&#8212;&#8212;&#8212;&#8212;&#8212;&#8212;&#8211;<\/strong><\/p>\n\n\n\n<h3 class=\"wp-block-heading\">Der Frauenchor w\u00fcnscht eine sch\u00f6ne Advents- und Weihnachtszeit!<\/h3>\n\n\n\n<figure class=\"wp-block-embed is-type-video is-provider-youtube wp-block-embed-youtube wp-embed-aspect-16-9 wp-has-aspect-ratio\"><div class=\"wp-block-embed__wrapper\">\n<iframe loading=\"lazy\" title=\"23.12.2020 Sound of Praunheim - Frauenchor\" width=\"656\" height=\"369\" src=\"https:\/\/www.youtube.com\/embed\/ONM_ynPIMko?feature=oembed\" frameborder=\"0\" allow=\"accelerometer; autoplay; clipboard-write; encrypted-media; gyroscope; picture-in-picture; web-share\" referrerpolicy=\"strict-origin-when-cross-origin\" allowfullscreen><\/iframe>\n<\/div><\/figure>\n\n\n\n<p><strong>&#8212;&#8212;&#8212;&#8212;&#8212;&#8212;&#8212;&#8212;&#8212;&#8212;&#8212;&#8212;&#8212;&#8212;&#8212;&#8211;<\/strong><\/p>\n\n\n\n<p>24.12.2020<\/p>\n\n\n\n<p><strong>O-T\u00f6ne aus der Quarant\u00e4ne<\/strong><\/p>\n\n\n\n<p>Zu Beginn der Corona-Pandemie im Fr\u00fchjahr 2020 musste in Bezug auf Chorgesang \u00fcber neue Formate nachgedacht und schnell gehandelt werden.<\/p>\n\n\n\n<p>Eines der \u201eneuen\u201c Angebote f\u00fcr den Frauenchor war das Projekt \u201eO-T\u00f6ne aus der Quarant\u00e4ne\u201c, in dem emotionale Einzelbeitr\u00e4ge mit Stimme gefordert waren, die alleine zu Hause aufgenommen \u2013 und sp\u00e4ter technisch zusammengef\u00fchrt werden sollten.<\/p>\n\n\n\n<p>Die \u201eO-T\u00f6ne\u201c entstammen der Zeit des ersten Lockdowns (23.3.-19.4.2020): Melodien, Improvisationen, Rhythmen und Texte sind ausnahmslos von den S\u00e4ngerinnen improvisiert\/komponiert und spiegeln einen kleinen Ausschnitt von Gef\u00fchlen und Stimmungen aus dieser Zeit wider.<\/p>\n\n\n\n<p>Chorleiterin Viola Engelbrecht hat die Einzelbeitr\u00e4ge in einer Audio-Collage zu einer Geschichte zusammengef\u00fcgt, die mit der Botschaft \u201eJa zum Leben\u201c endet.<\/p>\n\n\n\n<figure class=\"wp-block-gallery has-nested-images columns-default is-cropped wp-block-gallery-1 is-layout-flex wp-block-gallery-is-layout-flex\"><\/figure>\n\n\n\n\n\n<figure class=\"wp-block-audio\"><audio controls src=\"https:\/\/sound-of-praunheim.de\/wp-content\/uploads\/2020\/12\/O-T\u00c3\u00b6ne-aus-der-Quarant\u00c3\u00a4ne-1.mp3\"><\/audio><\/figure>\n\n\n\n<figure class=\"wp-block-gallery has-nested-images columns-default is-cropped wp-block-gallery-2 is-layout-flex wp-block-gallery-is-layout-flex\"><\/figure>\n\n\n\n\n\n<div class=\"wp-block-media-text is-stacked-on-mobile\"><figure class=\"wp-block-media-text__media\"><\/figure><div class=\"wp-block-media-text__content\">\n<p><\/p>\n<\/div><\/div>\n\n\n\n\n\n<pre class=\"wp-block-preformatted\"><\/pre>\n","protected":false},"excerpt":{"rendered":"<p>Herzlich willkommen! Foto: Dietrich vom Berge Unsere Chorleiterin Viola Engelbrecht arrangiert und probt mit uns ein breitgef\u00e4chertes Repertoire. Wir singen Lieder aus der Pop- und Rockmusik bis hin zu Balladen und zeitlosen Evergreens in deutscher, englischer und franz\u00f6sischer Sprache.In den w\u00f6chentlichen Proben verbessert Viola Engelbrecht mit abwechslungsreichen \u00dcbungen unsere Sing- und H\u00f6rf\u00e4higkeit, wir danken es [&hellip;]<\/p>\n","protected":false},"author":1,"featured_media":0,"parent":63,"menu_order":1,"comment_status":"closed","ping_status":"closed","template":"","meta":{"ngg_post_thumbnail":0,"footnotes":"[]"},"class_list":["post-22","page","type-page","status-publish","hentry"],"_links":{"self":[{"href":"https:\/\/sound-of-praunheim.de\/index.php?rest_route=\/wp\/v2\/pages\/22","targetHints":{"allow":["GET"]}}],"collection":[{"href":"https:\/\/sound-of-praunheim.de\/index.php?rest_route=\/wp\/v2\/pages"}],"about":[{"href":"https:\/\/sound-of-praunheim.de\/index.php?rest_route=\/wp\/v2\/types\/page"}],"author":[{"embeddable":true,"href":"https:\/\/sound-of-praunheim.de\/index.php?rest_route=\/wp\/v2\/users\/1"}],"replies":[{"embeddable":true,"href":"https:\/\/sound-of-praunheim.de\/index.php?rest_route=%2Fwp%2Fv2%2Fcomments&post=22"}],"version-history":[{"count":75,"href":"https:\/\/sound-of-praunheim.de\/index.php?rest_route=\/wp\/v2\/pages\/22\/revisions"}],"predecessor-version":[{"id":985,"href":"https:\/\/sound-of-praunheim.de\/index.php?rest_route=\/wp\/v2\/pages\/22\/revisions\/985"}],"up":[{"embeddable":true,"href":"https:\/\/sound-of-praunheim.de\/index.php?rest_route=\/wp\/v2\/pages\/63"}],"wp:attachment":[{"href":"https:\/\/sound-of-praunheim.de\/index.php?rest_route=%2Fwp%2Fv2%2Fmedia&parent=22"}],"curies":[{"name":"wp","href":"https:\/\/api.w.org\/{rel}","templated":true}]}}